{"id":303,"date":"2025-03-25T15:05:35","date_gmt":"2025-03-25T14:05:35","guid":{"rendered":"https:\/\/collegeleonardlenoir.fr\/?page_id=303"},"modified":"2025-05-28T10:40:33","modified_gmt":"2025-05-28T08:40:33","slug":"fcpe","status":"publish","type":"page","link":"https:\/\/collegeleonardlenoir.fr\/index.php\/fcpe\/","title":{"rendered":"FCPE"},"content":{"rendered":"\n<p>Nous sommes un groupe de parents engag\u00e9s, unis par une volont\u00e9 commune : <strong>\u00eatre \u00e0 l&rsquo;\u00e9coute des familles, repr\u00e9senter leurs voix et soutenir les enfants tout au long de la scolarit\u00e9<\/strong>. <\/p>\n\n\n\n<p>Affili\u00e9e \u00e0 la<strong> <a href=\"https:\/\/www.fcpe.asso.fr\/les-conseils-aux-parents\">FCPE (F\u00e9d\u00e9ration des Conseils de Parents d\u2019\u00c9l\u00e8ves)<\/a><\/strong>, notre association (loi 1901) \u0153uvre pour d\u00e9fendre l&rsquo;int\u00e9r\u00eat des \u00e9l\u00e8ves et accompagner les parents dans leurs \u00e9changes avec le coll\u00e8ge et les institutions. Vous pouvez retrouver des actualit\u00e9s et informations d\u00e9di\u00e9es aux Parents sur le site et vous <a href=\"https:\/\/www.fcpe.asso.fr\/lettres-infos\">inscrire \u00e0 la lettre d&rsquo;information ici<\/a>. <\/p>\n\n\n\n<h2 class=\"wp-block-heading\">Pourquoi s&rsquo;engager avec nous ? <\/h2>\n\n\n\n<p>Chaque ann\u00e9e les parents d&rsquo;\u00e9l\u00e8ves sont <strong>\u00e9lus d\u00e9mocratiquement par l&rsquo;ensemble des familles lors d&rsquo;\u00e9lections ayant lieu au d\u00e9but du mois d&rsquo;octobre<\/strong> et d\u00e9sormais via Pronote. Les parents si\u00e8gent ensuite dans les diff\u00e9rentes instances du coll\u00e8ge pour y d\u00e9fendre les int\u00e9r\u00eats des \u00e9l\u00e8ves et de leurs familles. <\/p>\n\n\n\n<p>Notre r\u00f4le est essentiel pour : <\/p>\n\n\n\n<ul class=\"wp-block-list\">\n<li><strong>participer aux d\u00e9cisions importantes du coll\u00e8ge<\/strong><\/li>\n\n\n\n<li><strong>favoriser le dialogue entre les familles et l&rsquo;\u00e9tablissement <\/strong><\/li>\n\n\n\n<li><strong>soutenir les projets p\u00e9dagogiques et les initiatives scolaires<\/strong><\/li>\n\n\n\n<li><strong>cr\u00e9er des moments de convivialit\u00e9 pour les \u00e9l\u00e8ves et leurs familles<\/strong><\/li>\n<\/ul>\n\n\n\n<p>Toutes ces actions seraient impossibles <strong>sans l&rsquo;aide pr\u00e9cieuse des parents b\u00e9n\u00e9voles<\/strong>. Alors si vous souhaitez donner un coup de main, que ce soit ponctuellement ou r\u00e9guli\u00e8rement : rejoignez-nous ! <\/p>\n\n\n\n<h2 class=\"wp-block-heading\">Comment nous rejoindre ? <\/h2>\n\n\n\n<p>Les \u00e9lections des repr\u00e9sentants de parents d&rsquo;\u00e9l\u00e8ves ayant lieu en octobre, envoyez-nous un mail pour nous informer de votre volont\u00e9 de rejoindre nous rejoindre \u00e0 l&rsquo;adresse suivante : <strong>parentscollegelenoir@gmail.com<\/strong>. <strong>Chaque parent est sollicit\u00e9 pour voter, et chaque parent peut \u00e9galement se porter candidat! <\/strong><\/p>\n\n\n\n<p>Nous venons \u00e9galement \u00e0 la rencontre des nouveaux parents lors de la r\u00e9union de rentr\u00e9e des \u00e9l\u00e8ves de classe de 6\u00e8me. <\/p>\n\n\n\n<p>Nous nous chargerons ensuite de constituer la liste candidate et d&rsquo;organiser le scrutin. <\/p>\n\n\n\n<h2 class=\"wp-block-heading\">Concr\u00e8tement, que faisons-nous ? <\/h2>\n\n\n\n<p>Nos repr\u00e9sentants si\u00e8gent dans diff\u00e9rentes instances de l&rsquo;\u00e9tablissement, o\u00f9 ils portent la voix des familles : <\/p>\n\n\n\n<ul class=\"wp-block-list\">\n<li><strong>Conseil d&rsquo;administration (CA)<\/strong> : instance d\u00e9cisionnelle sur des sujets majeurs (budget, s\u00e9curit\u00e9, projets p\u00e9dagogiques, etc.) se r\u00e9unissant 6 \u00e0 7 fois par an. <\/li>\n\n\n\n<li><strong>Conseils de classe<\/strong> : ayant lieu deux fois par an, deux parents y participent pour suivre la vie scolaire des \u00e9l\u00e8ves. <\/li>\n\n\n\n<li><strong>Conseil de discipline<\/strong> : se r\u00e9unissant exceptionnellement pour traiter les fautes graves<\/li>\n\n\n\n<li>et plusieurs commissions sp\u00e9cifiques :<strong> Commissions Hygi\u00e8ne et S\u00e9curit\u00e9<\/strong> (conditions de travail et bien-\u00eatre), <strong>Commission de la Vie Coll\u00e9gienne (ou CVC<\/strong>, permettant d&rsquo;am\u00e9liorer le climat scolaire et favoriser la participation des \u00e9l\u00e8ves), <strong>Comit\u00e9 d\u2019\u00c9ducation \u00e0 la Sant\u00e9; \u00e0 la Citoyennet\u00e9 et \u00e0 l&rsquo;Environnement (ou CESCE<\/strong>, mettant en place des actions de sensibilisation autour de la sant\u00e9, du vivre-ensemble et de l\u2019environnement). <\/li>\n<\/ul>\n\n\n\n<p>Tout au long de l&rsquo;ann\u00e9e, nous organisons des actions pour participer aux financements de projets et de s\u00e9jours p\u00e9dagogiques, permettant de r\u00e9duire la part des familles, en cr\u00e9ant des moments forts de convivialit\u00e9 : <\/p>\n\n\n\n<ul class=\"wp-block-list\">\n<li>ventes solidaires : chocolats pour les f\u00eates de fin d&rsquo;ann\u00e9e, g\u00e2teaux lors des diff\u00e9rentes r\u00e9unions parents-enseignants ou autres \u00e9v\u00e9nements<\/li>\n\n\n\n<li>le tr\u00e8s attendu, bal de fin d&rsquo;ann\u00e9e des \u00e9l\u00e8ves de troisi\u00e8me, avant que leur route ne se s\u00e9pare<\/li>\n<\/ul>\n\n\n\n<p>Retrouvez-nous sur notre page <a href=\"https:\/\/www.helloasso.com\/associations\/association-des-parents-d-eleves-du-college-leonard-lenoir\">HelloAsso<\/a>. <\/p>\n\n\n\n<h2 class=\"wp-block-heading\">Envie d&rsquo;en savoir plus ou de nous rejoindre <\/h2>\n\n\n\n<p>Vous avez des questions ? Vous souhaitez contribuer, ponctuellement ou r\u00e9guli\u00e8rement ? <strong>Faites-vous conna\u00eetre<\/strong> ! Votre regard, votre \u00e9nergie sont pr\u00e9cieux pour faire vivre une belle aventure collective ! <\/p>\n\n\n\n<p>A tr\u00e8s bient\u00f4t ! <\/p>\n\n\n\n<p>L&rsquo;association des parents d&rsquo;\u00e9l\u00e8ves du Coll\u00e8ge L\u00e9onard Lenoir, <\/p>\n","protected":false},"excerpt":{"rendered":"<p>Nous sommes un groupe de parents engag\u00e9s, unis par une volont\u00e9 commune : \u00eatre \u00e0 l&rsquo;\u00e9coute des familles, repr\u00e9senter leurs voix et soutenir les enfants tout au long de la scolarit\u00e9. Affili\u00e9e \u00e0 la FCPE (F\u00e9d\u00e9ration des Conseils de Parents d\u2019\u00c9l\u00e8ves), notre association (loi 1901) \u0153uvre pour d\u00e9fendre l&rsquo;int\u00e9r\u00eat des \u00e9l\u00e8ves et accompagner les parents dans leurs \u00e9changes avec le coll\u00e8ge et les institutions. Vous pouvez retrouver des actualit\u00e9s et informations d\u00e9di\u00e9es aux Parents sur le site et vous inscrire \u00e0 la lettre d&rsquo;information ici. Pourquoi s&rsquo;engager avec nous ? Chaque ann\u00e9e les parents d&rsquo;\u00e9l\u00e8ves sont \u00e9lus d\u00e9mocratiquement par l&rsquo;ensemble des familles lors d&rsquo;\u00e9lections ayant lieu au d\u00e9but du mois d&rsquo;octobre et d\u00e9sormais via Pronote. Les parents si\u00e8gent ensuite dans les diff\u00e9rentes instances du coll\u00e8ge pour y d\u00e9fendre les int\u00e9r\u00eats des \u00e9l\u00e8ves et de leurs familles. Notre r\u00f4le est essentiel pour : Toutes ces actions seraient impossibles sans l&rsquo;aide pr\u00e9cieuse des parents b\u00e9n\u00e9voles. Alors si vous souhaitez donner un coup de main, que ce soit ponctuellement ou r\u00e9guli\u00e8rement : rejoignez-nous ! Comment nous rejoindre ? Les \u00e9lections des repr\u00e9sentants de parents d&rsquo;\u00e9l\u00e8ves ayant lieu en octobre, envoyez-nous un mail pour nous informer de votre volont\u00e9 de rejoindre nous rejoindre \u00e0 l&rsquo;adresse suivante : parentscollegelenoir@gmail.com. Chaque parent est sollicit\u00e9 pour voter, et chaque parent peut \u00e9galement se porter candidat! Nous venons \u00e9galement \u00e0 la rencontre des nouveaux parents lors de la r\u00e9union de rentr\u00e9e des \u00e9l\u00e8ves de classe de 6\u00e8me. Nous nous chargerons ensuite de constituer la liste candidate et d&rsquo;organiser le scrutin. Concr\u00e8tement, que faisons-nous ? Nos repr\u00e9sentants si\u00e8gent dans diff\u00e9rentes instances de l&rsquo;\u00e9tablissement, o\u00f9 ils portent la voix des familles : Tout au long de l&rsquo;ann\u00e9e, nous organisons des actions pour participer aux financements de projets et de s\u00e9jours p\u00e9dagogiques, permettant de r\u00e9duire la part des familles, en cr\u00e9ant des moments forts de convivialit\u00e9 : Retrouvez-nous sur notre page HelloAsso. Envie d&rsquo;en savoir plus ou de nous rejoindre Vous avez des questions ? Vous souhaitez contribuer, ponctuellement ou r\u00e9guli\u00e8rement ? Faites-vous conna\u00eetre ! Votre regard, votre \u00e9nergie sont pr\u00e9cieux pour faire vivre une belle aventure collective ! A tr\u00e8s bient\u00f4t ! L&rsquo;association des parents d&rsquo;\u00e9l\u00e8ves du Coll\u00e8ge L\u00e9onard Lenoir,<\/p>\n","protected":false},"author":1,"featured_media":0,"parent":0,"menu_order":0,"comment_status":"closed","ping_status":"closed","template":"","meta":{"ocean_post_layout":"","ocean_both_sidebars_style":"","ocean_both_sidebars_content_width":0,"ocean_both_sidebars_sidebars_width":0,"ocean_sidebar":"","ocean_second_sidebar":"","ocean_disable_margins":"enable","ocean_add_body_class":"","ocean_shortcode_before_top_bar":"","ocean_shortcode_after_top_bar":"","ocean_shortcode_before_header":"","ocean_shortcode_after_header":"","ocean_has_shortcode":"","ocean_shortcode_after_title":"","ocean_shortcode_before_footer_widgets":"","ocean_shortcode_after_footer_widgets":"","ocean_shortcode_before_footer_bottom":"","ocean_shortcode_after_footer_bottom":"","ocean_display_top_bar":"default","ocean_display_header":"default","ocean_header_style":"","ocean_center_header_left_menu":"","ocean_custom_header_template":"","ocean_custom_logo":0,"ocean_custom_retina_logo":0,"ocean_custom_logo_max_width":0,"ocean_custom_logo_tablet_max_width":0,"ocean_custom_logo_mobile_max_width":0,"ocean_custom_logo_max_height":0,"ocean_custom_logo_tablet_max_height":0,"ocean_custom_logo_mobile_max_height":0,"ocean_header_custom_menu":"","ocean_menu_typo_font_family":"","ocean_menu_typo_font_subset":"","ocean_menu_typo_font_size":0,"ocean_menu_typo_font_size_tablet":0,"ocean_menu_typo_font_size_mobile":0,"ocean_menu_typo_font_size_unit":"px","ocean_menu_typo_font_weight":"","ocean_menu_typo_font_weight_tablet":"","ocean_menu_typo_font_weight_mobile":"","ocean_menu_typo_transform":"","ocean_menu_typo_transform_tablet":"","ocean_menu_typo_transform_mobile":"","ocean_menu_typo_line_height":0,"ocean_menu_typo_line_height_tablet":0,"ocean_menu_typo_line_height_mobile":0,"ocean_menu_typo_line_height_unit":"","ocean_menu_typo_spacing":0,"ocean_menu_typo_spacing_tablet":0,"ocean_menu_typo_spacing_mobile":0,"ocean_menu_typo_spacing_unit":"","ocean_menu_link_color":"","ocean_menu_link_color_hover":"","ocean_menu_link_color_active":"","ocean_menu_link_background":"","ocean_menu_link_hover_background":"","ocean_menu_link_active_background":"","ocean_menu_social_links_bg":"","ocean_menu_social_hover_links_bg":"","ocean_menu_social_links_color":"","ocean_menu_social_hover_links_color":"","ocean_disable_title":"default","ocean_disable_heading":"default","ocean_post_title":"","ocean_post_subheading":"","ocean_post_title_style":"","ocean_post_title_background_color":"","ocean_post_title_background":0,"ocean_post_title_bg_image_position":"","ocean_post_title_bg_image_attachment":"","ocean_post_title_bg_image_repeat":"","ocean_post_title_bg_image_size":"","ocean_post_title_height":0,"ocean_post_title_bg_overlay":0.5,"ocean_post_title_bg_overlay_color":"","ocean_disable_breadcrumbs":"default","ocean_breadcrumbs_color":"","ocean_breadcrumbs_separator_color":"","ocean_breadcrumbs_links_color":"","ocean_breadcrumbs_links_hover_color":"","ocean_display_footer_widgets":"default","ocean_display_footer_bottom":"default","ocean_custom_footer_template":"","footnotes":""},"class_list":["post-303","page","type-page","status-publish","hentry","entry"],"_links":{"self":[{"href":"https:\/\/collegeleonardlenoir.fr\/index.php\/wp-json\/wp\/v2\/pages\/303","targetHints":{"allow":["GET"]}}],"collection":[{"href":"https:\/\/collegeleonardlenoir.fr\/index.php\/wp-json\/wp\/v2\/pages"}],"about":[{"href":"https:\/\/collegeleonardlenoir.fr\/index.php\/wp-json\/wp\/v2\/types\/page"}],"author":[{"embeddable":true,"href":"https:\/\/collegeleonardlenoir.fr\/index.php\/wp-json\/wp\/v2\/users\/1"}],"replies":[{"embeddable":true,"href":"https:\/\/collegeleonardlenoir.fr\/index.php\/wp-json\/wp\/v2\/comments?post=303"}],"version-history":[{"count":2,"href":"https:\/\/collegeleonardlenoir.fr\/index.php\/wp-json\/wp\/v2\/pages\/303\/revisions"}],"predecessor-version":[{"id":618,"href":"https:\/\/collegeleonardlenoir.fr\/index.php\/wp-json\/wp\/v2\/pages\/303\/revisions\/618"}],"wp:attachment":[{"href":"https:\/\/collegeleonardlenoir.fr\/index.php\/wp-json\/wp\/v2\/media?parent=303"}],"curies":[{"name":"wp","href":"https:\/\/api.w.org\/{rel}","templated":true}]}}