{"id":112,"date":"2025-03-25T14:37:13","date_gmt":"2025-03-25T13:37:13","guid":{"rendered":"https:\/\/collegeleonardlenoir.fr\/?page_id=112"},"modified":"2025-03-25T14:37:13","modified_gmt":"2025-03-25T13:37:13","slug":"histoire-de-letablissement","status":"publish","type":"page","link":"https:\/\/collegeleonardlenoir.fr\/index.php\/histoire-de-letablissement\/","title":{"rendered":"Histoire de l&rsquo;\u00e9tablissement"},"content":{"rendered":"\n<p>L&rsquo;enseignement en France a \u00e9t\u00e9 organis\u00e9 par la loi GUIZOT de 1828 . Ant\u00e9rieurement les monast\u00e8res, les cures et les ordres religieux assuraient cette fonction d&rsquo;enseignement . Cette m\u00eame loi impose une \u00e9cole primaire dans chaque commune, loi qui devient applicable en 1833.<\/p>\n\n\n\n<div class=\"wp-block-group\"><div class=\"wp-block-group__inner-container is-layout-constrained wp-block-group-is-layout-constrained\">\n<div class=\"wp-block-media-text alignfull has-media-on-the-right is-stacked-on-mobile is-vertically-aligned-center\" style=\"grid-template-columns:auto 27%\"><div class=\"wp-block-media-text__content\">\n<p class=\"has-text-align-left\">La commune de Cenon dont d\u00e9pend la Bastide ouvre une \u00e9cole Quai Deschamps en 1838, elle ne contient qu&rsquo;une classe. En 1839, l&rsquo;\u00e9cole est transf\u00e9r\u00e9e rue de la Benauge. Le local devient vite trop petit, alors le Conseiller Municipal Letellier propose la construction d&rsquo;une maison communale adjointe \u00e0 une \u00e9cole de gar\u00e7ons et une salle d&rsquo;asile. Malheureusement le projet \u00e9choue.<\/p>\n<\/div><figure class=\"wp-block-media-text__media\"><img fetchpriority=\"high\" decoding=\"async\" width=\"275\" height=\"183\" src=\"https:\/\/collegeleonardlenoir.fr\/wp-content\/uploads\/2025\/03\/Maison-du-communale.jpg\" alt=\"\" class=\"wp-image-75 size-full\"\/><\/figure><\/div>\n<\/div><\/div>\n\n\n\n<div class=\"wp-block-group\"><div class=\"wp-block-group__inner-container is-layout-constrained wp-block-group-is-layout-constrained\">\n<div class=\"wp-block-media-text is-stacked-on-mobile\" style=\"grid-template-columns:26% auto\"><figure class=\"wp-block-media-text__media\"><img decoding=\"async\" width=\"278\" height=\"181\" src=\"https:\/\/collegeleonardlenoir.fr\/wp-content\/uploads\/2025\/03\/Place-montaud.jpg\" alt=\"\" class=\"wp-image-76 size-full\"\/><\/figure><div class=\"wp-block-media-text__content\">\n<p>En 1852, la commune vote la construction, place Montaud, d&rsquo;une mairie, d&rsquo;une \u00e9cole et d&rsquo;une salle d&rsquo;asile. On construit alors un b\u00e2timent pouvant accueillir 150 \u00e9l\u00e8ves.<br>Le 31 d\u00e9cembre 1864, la commune de Cenon c\u00e8de la Bastide \u00e0 la ville de Bordeaux. Celle-ci prend en charge le syst\u00e8me scolaire. L&rsquo; \u00e9tablissement devient de plus en plus grand car en 1868 l&rsquo;\u00e9cole est la plus peupl\u00e9e de la commune.<br>En 1871, On trouve un local d\u00e9finitif r\u00e9pondant aux besoins, c&rsquo;est un immeuble de la rue Picard qui deviendra l&rsquo;\u00e9cole <a href=\"http:\/\/www.college-lenoir.org\/index.php?option=com_content&amp;view=article&amp;id=608&amp;Itemid=220\" target=\"_blank\" rel=\"noreferrer noopener\">L\u00e9onard Lenoir<\/a>. <\/p>\n<\/div><\/div>\n<\/div><\/div>\n\n\n\n<p>D\u00e8s 1896, l&rsquo;\u00e9cole L\u00e9onard Lenoir est autoris\u00e9e \u00e0 ouvrir un Cours Sup\u00e9rieur pour les \u00e9l\u00e8ves d\u00e9j\u00e0 pourvus du Certificat d&rsquo;\u00e9tude Primaire. En 1959, la r\u00e9forme Berthoin prolonge la scolarit\u00e9 jusqu&rsquo;\u00e0 16 ans et l&rsquo;\u00e9cole accueillit dans ses murs le Coll\u00e8ge d&rsquo;Enseignement G\u00e9n\u00e9ral qui rempla\u00e7a le Cours Compl\u00e9mentaire. La mise en place du Coll\u00e8ge d&rsquo;Enseignement Secondaire, pr\u00e9vu par la r\u00e9forme Fouchet de 1963 amena la mixit\u00e9 et de nouveaux am\u00e9nagements.<\/p>\n\n\n\n<p>Aujourd&rsquo;hui le coll\u00e8ge n&rsquo;est plus le m\u00eame car il a \u00e9t\u00e9 r\u00e9nov\u00e9 et agrandi en 1998. Le coll\u00e8ge fut pr\u00eat \u00e0 la rentr\u00e9e scolaire 1999\/2000.<\/p>\n\n\n\n<p><\/p>\n\n\n\n<p><\/p>\n\n\n\n<h2 class=\"wp-block-heading\">Qui \u00e9tait L\u00e9onard Lenoir ?<\/h2>\n\n\n\n<div class=\"wp-block-group\"><div class=\"wp-block-group__inner-container is-layout-constrained wp-block-group-is-layout-constrained\">\n<p>N\u00e9 en 1805, L\u00e9onard Lenoir demeurait \u00e0 Bordeaux, cours d&rsquo;Alsace-lorraine \u00e0 l&rsquo;angle de la rue Ausone.<\/p>\n\n\n\n<div class=\"wp-block-group is-vertical is-layout-flex wp-container-core-group-is-layout-8cf370e7 wp-block-group-is-layout-flex\">\n<div class=\"wp-block-media-text is-stacked-on-mobile is-vertically-aligned-center\" style=\"grid-template-columns:29% auto\"><figure class=\"wp-block-media-text__media\"><img decoding=\"async\" width=\"579\" height=\"425\" src=\"https:\/\/collegeleonardlenoir.fr\/wp-content\/uploads\/2025\/03\/Coup-detat-1851-2.jpg\" alt=\"\" class=\"wp-image-85 size-full\" srcset=\"https:\/\/collegeleonardlenoir.fr\/wp-content\/uploads\/2025\/03\/Coup-detat-1851-2.jpg 579w, https:\/\/collegeleonardlenoir.fr\/wp-content\/uploads\/2025\/03\/Coup-detat-1851-2-300x220.jpg 300w\" sizes=\"(max-width: 579px) 100vw, 579px\" \/><\/figure><div class=\"wp-block-media-text__content\">\n<p>Simple ouvrier, il s&rsquo;est \u00e9lev\u00e9 par son travail, et sa grande honn\u00eatet\u00e9, \u00e0 une situation des plus honorables dans le commerce. En tant que marchand de bois, il a contribu\u00e9 \u00e0 la vie et au d\u00e9veloppement de notre quartier. Il n&rsquo;a ni oubli\u00e9, ni reni\u00e9 ses origines. La R\u00e9publique lui paraissait le meilleur gouvernement pour assurer le bien-\u00eatre des travailleurs. Il se d\u00e9voua \u00e0 la faire triompher et cela \u00e0 une \u00e9poque o\u00f9 pareille attitude n&rsquo;\u00e9tait pas sans danger. L\u00e9onard Lenoir \u00e9tait un \u00ab\u00a0r\u00e9publicain de la veille\u00a0\u00bb. Il voulait que la r\u00e9publique soit grande et g\u00e9n\u00e9reuse pour inaugurer une p\u00e9riode de justice et de paix.<\/p>\n\n\n\n<div class=\"wp-block-group\"><div class=\"wp-block-group__inner-container is-layout-constrained wp-block-group-is-layout-constrained\">\n<p>Suite au coup d&rsquo;\u00c9tat, le 2 d\u00e9cembre 1851. Il a \u00e9t\u00e9 exil\u00e9, pers\u00e9cut\u00e9 et gravement atteint dans ses int\u00e9r\u00eats \u00e0 cause de ses engagements politiques. Au lendemain de la chute du IIe empire, il reprit sa fonction politique et fut \u00e9lu Conseiller Municipal aux \u00e9lections en 1874 et Conseiller G\u00e9n\u00e9ral du 7e canton, la Bastide.<\/p>\n\n\n\n<p>La rue Picard&nbsp; prit le nom de L\u00e9onard Lenoir en 1891. Le coll\u00e8ge acquit le m\u00eame patronyme.<\/p>\n<\/div><\/div>\n<\/div><\/div>\n<\/div>\n<\/div><\/div>\n","protected":false},"excerpt":{"rendered":"<p>L&rsquo;enseignement en France a \u00e9t\u00e9 organis\u00e9 par la loi GUIZOT de 1828 . Ant\u00e9rieurement les monast\u00e8res, les cures et les ordres religieux assuraient cette fonction d&rsquo;enseignement . Cette m\u00eame loi impose une \u00e9cole primaire dans chaque commune, loi qui devient applicable en 1833. La commune de Cenon dont d\u00e9pend la Bastide ouvre une \u00e9cole Quai Deschamps en 1838, elle ne contient qu&rsquo;une classe. En 1839, l&rsquo;\u00e9cole est transf\u00e9r\u00e9e rue de la Benauge. Le local devient vite trop petit, alors le Conseiller Municipal Letellier propose la construction d&rsquo;une maison communale adjointe \u00e0 une \u00e9cole de gar\u00e7ons et une salle d&rsquo;asile. Malheureusement le projet \u00e9choue. En 1852, la commune vote la construction, place Montaud, d&rsquo;une mairie, d&rsquo;une \u00e9cole et d&rsquo;une salle d&rsquo;asile. On construit alors un b\u00e2timent pouvant accueillir 150 \u00e9l\u00e8ves.Le 31 d\u00e9cembre 1864, la commune de Cenon c\u00e8de la Bastide \u00e0 la ville de Bordeaux. Celle-ci prend en charge le syst\u00e8me scolaire. L&rsquo; \u00e9tablissement devient de plus en plus grand car en 1868 l&rsquo;\u00e9cole est la plus peupl\u00e9e de la commune.En 1871, On trouve un local d\u00e9finitif r\u00e9pondant aux besoins, c&rsquo;est un immeuble de la rue Picard qui deviendra l&rsquo;\u00e9cole L\u00e9onard Lenoir. D\u00e8s 1896, l&rsquo;\u00e9cole L\u00e9onard Lenoir est autoris\u00e9e \u00e0 ouvrir un Cours Sup\u00e9rieur pour les \u00e9l\u00e8ves d\u00e9j\u00e0 pourvus du Certificat d&rsquo;\u00e9tude Primaire. En 1959, la r\u00e9forme Berthoin prolonge la scolarit\u00e9 jusqu&rsquo;\u00e0 16 ans et l&rsquo;\u00e9cole accueillit dans ses murs le Coll\u00e8ge d&rsquo;Enseignement G\u00e9n\u00e9ral qui rempla\u00e7a le Cours Compl\u00e9mentaire. La mise en place du Coll\u00e8ge d&rsquo;Enseignement Secondaire, pr\u00e9vu par la r\u00e9forme Fouchet de 1963 amena la mixit\u00e9 et de nouveaux am\u00e9nagements. Aujourd&rsquo;hui le coll\u00e8ge n&rsquo;est plus le m\u00eame car il a \u00e9t\u00e9 r\u00e9nov\u00e9 et agrandi en 1998. Le coll\u00e8ge fut pr\u00eat \u00e0 la rentr\u00e9e scolaire 1999\/2000. Qui \u00e9tait L\u00e9onard Lenoir ? N\u00e9 en 1805, L\u00e9onard Lenoir demeurait \u00e0 Bordeaux, cours d&rsquo;Alsace-lorraine \u00e0 l&rsquo;angle de la rue Ausone. Simple ouvrier, il s&rsquo;est \u00e9lev\u00e9 par son travail, et sa grande honn\u00eatet\u00e9, \u00e0 une situation des plus honorables dans le commerce. En tant que marchand de bois, il a contribu\u00e9 \u00e0 la vie et au d\u00e9veloppement de notre quartier. Il n&rsquo;a ni oubli\u00e9, ni reni\u00e9 ses origines. La R\u00e9publique lui paraissait le meilleur gouvernement pour assurer le bien-\u00eatre des travailleurs. Il se d\u00e9voua \u00e0 la faire triompher et cela \u00e0 une \u00e9poque o\u00f9 pareille attitude n&rsquo;\u00e9tait pas sans danger. L\u00e9onard Lenoir \u00e9tait un \u00ab\u00a0r\u00e9publicain de la veille\u00a0\u00bb. Il voulait que la r\u00e9publique soit grande et g\u00e9n\u00e9reuse pour inaugurer une p\u00e9riode de justice et de paix. Suite au coup d&rsquo;\u00c9tat, le 2 d\u00e9cembre 1851. Il a \u00e9t\u00e9 exil\u00e9, pers\u00e9cut\u00e9 et gravement atteint dans ses int\u00e9r\u00eats \u00e0 cause de ses engagements politiques. Au lendemain de la chute du IIe empire, il reprit sa fonction politique et fut \u00e9lu Conseiller Municipal aux \u00e9lections en 1874 et Conseiller G\u00e9n\u00e9ral du 7e canton, la Bastide. La rue Picard&nbsp; prit le nom de L\u00e9onard Lenoir en 1891. Le coll\u00e8ge acquit le m\u00eame patronyme.<\/p>\n","protected":false},"author":1,"featured_media":0,"parent":0,"menu_order":0,"comment_status":"closed","ping_status":"closed","template":"","meta":{"ocean_post_layout":"","ocean_both_sidebars_style":"","ocean_both_sidebars_content_width":0,"ocean_both_sidebars_sidebars_width":0,"ocean_sidebar":"","ocean_second_sidebar":"","ocean_disable_margins":"enable","ocean_add_body_class":"","ocean_shortcode_before_top_bar":"","ocean_shortcode_after_top_bar":"","ocean_shortcode_before_header":"","ocean_shortcode_after_header":"","ocean_has_shortcode":"","ocean_shortcode_after_title":"","ocean_shortcode_before_footer_widgets":"","ocean_shortcode_after_footer_widgets":"","ocean_shortcode_before_footer_bottom":"","ocean_shortcode_after_footer_bottom":"","ocean_display_top_bar":"default","ocean_display_header":"default","ocean_header_style":"","ocean_center_header_left_menu":"","ocean_custom_header_template":"","ocean_custom_logo":0,"ocean_custom_retina_logo":0,"ocean_custom_logo_max_width":0,"ocean_custom_logo_tablet_max_width":0,"ocean_custom_logo_mobile_max_width":0,"ocean_custom_logo_max_height":0,"ocean_custom_logo_tablet_max_height":0,"ocean_custom_logo_mobile_max_height":0,"ocean_header_custom_menu":"","ocean_menu_typo_font_family":"","ocean_menu_typo_font_subset":"","ocean_menu_typo_font_size":0,"ocean_menu_typo_font_size_tablet":0,"ocean_menu_typo_font_size_mobile":0,"ocean_menu_typo_font_size_unit":"px","ocean_menu_typo_font_weight":"","ocean_menu_typo_font_weight_tablet":"","ocean_menu_typo_font_weight_mobile":"","ocean_menu_typo_transform":"","ocean_menu_typo_transform_tablet":"","ocean_menu_typo_transform_mobile":"","ocean_menu_typo_line_height":0,"ocean_menu_typo_line_height_tablet":0,"ocean_menu_typo_line_height_mobile":0,"ocean_menu_typo_line_height_unit":"","ocean_menu_typo_spacing":0,"ocean_menu_typo_spacing_tablet":0,"ocean_menu_typo_spacing_mobile":0,"ocean_menu_typo_spacing_unit":"","ocean_menu_link_color":"","ocean_menu_link_color_hover":"","ocean_menu_link_color_active":"","ocean_menu_link_background":"","ocean_menu_link_hover_background":"","ocean_menu_link_active_background":"","ocean_menu_social_links_bg":"","ocean_menu_social_hover_links_bg":"","ocean_menu_social_links_color":"","ocean_menu_social_hover_links_color":"","ocean_disable_title":"default","ocean_disable_heading":"default","ocean_post_title":"","ocean_post_subheading":"","ocean_post_title_style":"","ocean_post_title_background_color":"","ocean_post_title_background":0,"ocean_post_title_bg_image_position":"","ocean_post_title_bg_image_attachment":"","ocean_post_title_bg_image_repeat":"","ocean_post_title_bg_image_size":"","ocean_post_title_height":0,"ocean_post_title_bg_overlay":0.5,"ocean_post_title_bg_overlay_color":"","ocean_disable_breadcrumbs":"default","ocean_breadcrumbs_color":"","ocean_breadcrumbs_separator_color":"","ocean_breadcrumbs_links_color":"","ocean_breadcrumbs_links_hover_color":"","ocean_display_footer_widgets":"default","ocean_display_footer_bottom":"default","ocean_custom_footer_template":"","footnotes":""},"class_list":["post-112","page","type-page","status-publish","hentry","entry"],"_links":{"self":[{"href":"https:\/\/collegeleonardlenoir.fr\/index.php\/wp-json\/wp\/v2\/pages\/112","targetHints":{"allow":["GET"]}}],"collection":[{"href":"https:\/\/collegeleonardlenoir.fr\/index.php\/wp-json\/wp\/v2\/pages"}],"about":[{"href":"https:\/\/collegeleonardlenoir.fr\/index.php\/wp-json\/wp\/v2\/types\/page"}],"author":[{"embeddable":true,"href":"https:\/\/collegeleonardlenoir.fr\/index.php\/wp-json\/wp\/v2\/users\/1"}],"replies":[{"embeddable":true,"href":"https:\/\/collegeleonardlenoir.fr\/index.php\/wp-json\/wp\/v2\/comments?post=112"}],"version-history":[{"count":1,"href":"https:\/\/collegeleonardlenoir.fr\/index.php\/wp-json\/wp\/v2\/pages\/112\/revisions"}],"predecessor-version":[{"id":116,"href":"https:\/\/collegeleonardlenoir.fr\/index.php\/wp-json\/wp\/v2\/pages\/112\/revisions\/116"}],"wp:attachment":[{"href":"https:\/\/collegeleonardlenoir.fr\/index.php\/wp-json\/wp\/v2\/media?parent=112"}],"curies":[{"name":"wp","href":"https:\/\/api.w.org\/{rel}","templated":true}]}}